{"id":754,"date":"2024-12-11T11:01:43","date_gmt":"2024-12-11T10:01:43","guid":{"rendered":"https:\/\/matematyka.ujk.edu.pl\/new\/?page_id=754"},"modified":"2025-01-29T07:34:18","modified_gmt":"2025-01-29T06:34:18","slug":"swieto-liczby-pi-2024","status":"publish","type":"page","link":"https:\/\/matematyka.ujk.edu.pl\/index.php\/swieto-liczby-pi-2024\/","title":{"rendered":"\u015awi\u0119to Liczby Pi 2024"},"content":{"rendered":"\r\n<table>\r\n<tbody>\r\n<tr>\r\n<td>\r\n<p><a href=\"https:\/\/matematyka.ujk.edu.pl\/wp-content\/uploads\/2024\/12\/panpi2024.png\" target=\"_blank\" rel=\"noopener\"><img loading=\"lazy\" decoding=\"async\" class=\"alignnone wp-image-766\" title=\"Pan Pi 2024\" src=\"https:\/\/matematyka.ujk.edu.pl\/wp-content\/uploads\/2024\/12\/panpi2024-181x300.png\" alt=\"Pan Pi 2024\" width=\"650\" height=\"1081\" \/><\/a><\/p>\r\n<\/td>\r\n<td style=\"text-align: left;\"><b>Katedra Matematyki<\/b> Uniwersytetu Jana Kochanowskiego oraz <b>Studenckie Ko\u0142o Naukowe<\/b> \u201eRozmaito\u015bci\u201d maj\u0105 zaszczyt zaprosi\u0107 uczni\u00f3w lice\u00f3w i technik\u00f3w, nauczycieli oraz wszystkich zainteresowanych na 14. obchody<center><a><b>\u015awi\u0119ta Liczby <\/b><\/a> <a><b><i>\u03c0<\/i><\/b><\/a><\/center>\r\n<p>kt\u00f3re rozpoczn\u0105 si\u0119 <b>15 marca 2024<\/b> roku o godzinie 10:00 w auli B2 budynku G Wydzia\u0142u Nauk \u015acis\u0142ych i Przyrodniczych Uniwersytetu Jana Kochanowskiego w Kielcach przy ul. Uniwersyteckiej 7.<\/p>\r\n<p style=\"text-align: center;\"><strong>Serdecznie zapraszamy!<\/strong><\/p>\r\n<\/td>\r\n<\/tr>\r\n<tr>\r\n<td colspan=\"2\"><hr \/><b>P R O G R A M<\/b>\r\n<table>\r\n<tbody>\r\n<tr>\r\n<td>10:00<\/td>\r\n<td>otwarcie obchod\u00f3w i powitanie uczestnik\u00f3w<\/td>\r\n<\/tr>\r\n<tr>\r\n<td>10:10<\/td>\r\n<td>wyk\u0142ad dr\u00a0 Micha\u0142a Pop\u0142awskiego (Katedra Matematyki Uniwersytetu Jana Kochanowskiego) \u201eO liczbach pierwszych\u201d<\/td>\r\n<\/tr>\r\n<tr>\r\n<td>10:50<\/td>\r\n<td>wyk\u0142ad prof. UJK dr hab. Grzegorza \u0141ysika (Katedra Matematyki Uniwersytetu Jana Kochanowskiego) \u201eJak policzy\u0107 liczb\u0119 Pi\u201d<\/td>\r\n<\/tr>\r\n<tr>\r\n<td>11:30<\/td>\r\n<td>Konkurs dla uczestnik\u00f3w<\/td>\r\n<\/tr>\r\n<tr>\r\n<td>12:00<\/td>\r\n<td>przerwa<\/td>\r\n<\/tr>\r\n<tr>\r\n<td>12:20<\/td>\r\n<td>wyk\u0142ad prof. UJ dr Krzysztofa Ciesielskiego (Uniwersytet Jagiello\u0144ski) \u201eMatematyka wyborcza\u201d<\/td>\r\n<\/tr>\r\n<tr>\r\n<td>13:10<\/td>\r\n<td>zako\u0144czenie obchod\u00f3w<\/td>\r\n<\/tr>\r\n<\/tbody>\r\n<\/table>\r\n<\/td>\r\n<\/tr>\r\n<tr>\r\n<td colspan=\"2\"><hr \/><b> <strong>Patronat honorowy<\/strong><\/b><a href=\"https:\/\/matematyka.ujk.edu.pl\/wp-content\/uploads\/2024\/07\/ptm2.png\" target=\"_blank\" rel=\"noopener\"><img loading=\"lazy\" decoding=\"async\" class=\"aligncenter wp-image-2173\" title=\"PTM - grafika\" src=\"https:\/\/matematyka.ujk.edu.pl\/wp-content\/uploads\/2025\/01\/ptm2-300x44.png\" alt=\"PTM - grafika\" width=\"443\" height=\"65\" \/><\/a><hr \/><strong><b>R E J E S T R A C J A<\/b><\/strong> <br \/>Informujemy, \u017ce wprowadzona zosta\u0142a <strong>obowi\u0105zkowa rejestracja<\/strong> grup uczestnik\u00f3w. Zg\u0142oszenia uczestnictwa nale\u017cy wysy\u0142a\u0107 na adres <strong>imat@ujk.edu.pl<\/strong>, wpisuj\u0105c jako temat: \u201e<strong>Zg\u0142oszenie Pi 2024<\/strong>\u201d. W tre\u015bci wiadomo\u015bci nale\u017cy poda\u0107 w nast\u0119puj\u0105cej kolejno\u015bci (i z zachowaniem numeracji):\r\n<ol>\r\n<li>nazw\u0119 i adres szko\u0142y,<\/li>\r\n<li>liczb\u0119 uczestnik\u00f3w &#8211; uczni\u00f3w tworz\u0105cych grup\u0119,<\/li>\r\n<li>liczb\u0119 opiekun\u00f3w (i innych os\u00f3b towarzysz\u0105cych grupie, je\u015bli takie b\u0119d\u0105),<\/li>\r\n<li>imi\u0119 i nazwisko osoby do kontaktu \u2013 oraz e-mail lub telefon do tej osoby,<\/li>\r\n<\/ol>\r\nO przyj\u0119ciu zg\u0142oszenia udzia\u0142u w obchodach \u015awi\u0119ta Liczby Pi <strong>decyduje kolejno\u015b\u0107 zg\u0142osze\u0144<\/strong> a\u017c do wyczerpania limitu miejsc (ok. 147). Ponadto obowi\u0105zuje limit jednej klasy z jednej szko\u0142y, a kolejn\u0105 klas\u0119 mo\u017cna wpisa\u0107 na list\u0119 rezerwow\u0105.<hr \/><a href=\"https:\/\/matematyka.ujk.edu.pl\/wp-content\/uploads\/2024\/07\/Program.pdf\" target=\"_blank\" rel=\"noopener\">Program.pdf<\/a> <br \/><a href=\"https:\/\/matematyka.ujk.edu.pl\/wp-content\/uploads\/2024\/07\/Regulamin_konkursu_wiedzy_matematycznej_z_okazji_Dnia_Liczby.pdf\" target=\"_blank\" rel=\"noopener\">Regulamin konkursu wiedzy matematycznej z okazji obchod\u00f3w \u015awi\u0119ta Liczby Pi 2024.pdf<\/a><\/td>\r\n<\/tr>\r\n<\/tbody>\r\n<\/table>\r\n<p>&nbsp;<\/p>","protected":false},"excerpt":{"rendered":"","protected":false},"author":1,"featured_media":0,"parent":0,"menu_order":0,"comment_status":"closed","ping_status":"closed","template":"","meta":{"footnotes":""},"class_list":["post-754","page","type-page","status-publish","hentry"],"_links":{"self":[{"href":"https:\/\/matematyka.ujk.edu.pl\/index.php\/wp-json\/wp\/v2\/pages\/754","targetHints":{"allow":["GET"]}}],"collection":[{"href":"https:\/\/matematyka.ujk.edu.pl\/index.php\/wp-json\/wp\/v2\/pages"}],"about":[{"href":"https:\/\/matematyka.ujk.edu.pl\/index.php\/wp-json\/wp\/v2\/types\/page"}],"author":[{"embeddable":true,"href":"https:\/\/matematyka.ujk.edu.pl\/index.php\/wp-json\/wp\/v2\/users\/1"}],"replies":[{"embeddable":true,"href":"https:\/\/matematyka.ujk.edu.pl\/index.php\/wp-json\/wp\/v2\/comments?post=754"}],"version-history":[{"count":27,"href":"https:\/\/matematyka.ujk.edu.pl\/index.php\/wp-json\/wp\/v2\/pages\/754\/revisions"}],"predecessor-version":[{"id":933,"href":"https:\/\/matematyka.ujk.edu.pl\/index.php\/wp-json\/wp\/v2\/pages\/754\/revisions\/933"}],"wp:attachment":[{"href":"https:\/\/matematyka.ujk.edu.pl\/index.php\/wp-json\/wp\/v2\/media?parent=754"}],"curies":[{"name":"wp","href":"https:\/\/api.w.org\/{rel}","templated":true}]}}