{"id":774,"date":"2024-12-11T12:16:48","date_gmt":"2024-12-11T11:16:48","guid":{"rendered":"https:\/\/matematyka.ujk.edu.pl\/new\/?page_id=774"},"modified":"2025-01-28T13:54:34","modified_gmt":"2025-01-28T12:54:34","slug":"swieto-liczby-pi-2020-odwolane","status":"publish","type":"page","link":"https:\/\/matematyka.ujk.edu.pl\/index.php\/swieto-liczby-pi-2020-odwolane\/","title":{"rendered":"\u015awi\u0119to Liczby Pi 2020 \u2013 ODWO\u0141ANE"},"content":{"rendered":"<p><strong><span style=\"color: #ff0000;\">Szanowni Pa\u0144stwo,<\/span><\/strong><\/p>\n<p><strong><span style=\"color: #ff0000;\">Informujmy, i\u017c ze wzgl\u0119du na zagro\u017cenie epidemiologiczne koronawirusem (COVID-19) obchody \u015awi\u0119ta Liczby Pi w dniu 13 marca br. zostaj\u0105 ODWO\u0141ANE.<\/span><\/strong><\/p>\n<p>&nbsp;<\/p>\n<div class=\"wp-block-group\">\n<div class=\"wp-block-group__inner-container is-layout-flow wp-block-group-is-layout-flow\">\n<table>\n<tbody>\n<tr>\n<td width=\"234\"><a href=\"https:\/\/matematyka.ujk.edu.pl\/wp-content\/uploads\/2025\/01\/PanPi2020-189x300.png\"><img loading=\"lazy\" decoding=\"async\" class=\"alignleft wp-image-1200\" title=\"\u015awi\u0119ta Liczby pi 2020 odwo\u0142ane\" src=\"https:\/\/matematyka.ujk.edu.pl\/wp-content\/uploads\/2025\/01\/PanPi2020-189x300.png\" sizes=\"auto, (max-width: 148px) 100vw, 148px\" srcset=\"https:\/\/matematyka.ujk.edu.pl\/wp-content\/uploads\/2025\/01\/PanPi2020-189x300.png 189w, https:\/\/matematyka.ujk.edu.pl\/wp-content\/uploads\/2025\/01\/PanPi2020-233x370.png 233w\" alt=\"\u015awi\u0119ta Liczby pi 2020 odwo\u0142ane\" width=\"148\" height=\"234\" \/><\/a><\/td>\n<td width=\"477\"><strong>\u00a0Katedra Matematyki\u00a0<\/strong>Uniwersytetu Jana Kochanowskiego oraz\u00a0<strong>Studenckie Ko\u0142o Naukowe<\/strong>\u00a0\u201eRozmaito\u015bci\u201d<\/p>\n<p>maj\u0105 zaszczyt zaprosi\u0107 uczni\u00f3w lice\u00f3w i technik\u00f3w, nauczycieli oraz wszystkich zainteresowanych na 12. obchody<\/p>\n<h3>\u015awi\u0119ta Liczby\u00a0<em>\u03c0<\/em><\/h3>\n<p>kt\u00f3re rozpoczn\u0105 si\u0119\u00a0<strong>13 marca 2020<\/strong>\u00a0roku o godzinie 10:00 w auli B1 budynku G Wydzia\u0142u Nauk \u015acis\u0142ych i Przyrodniczych Uniwersytetu Jana Kochanowskiego w Kielcach przy ul. Uniwersyteckiej 7.<\/p>\n<p>Tegoroczne spotkanie wpisuje si\u0119 w\u00a0<a href=\"https:\/\/50lat.ujk.edu.pl\/\" target=\"_blank\" rel=\"noopener\">50-lecie<\/a>\u00a0istnienia naszej Uczelni.<\/p>\n<p>Serdecznie zapraszamy!<\/td>\n<\/tr>\n<tr>\n<td colspan=\"2\">\n<hr \/>\n<h3><strong>P R O G R A M<\/strong><\/h3>\n<p>10:00\u00a0 powitanie uczestnik\u00f3w i otwarcie obchod\u00f3w<\/p>\n<p>10:10\u00a0 wyk\u0142ad \u201eJak okr\u0105g pomaga w dowodach\u201d<br \/>\nmgr Pawe\u0142 Dziuba (Katedra Matematyki Uniwersytetu Jana\u00a0Kochanowskiego)<\/p>\n<p>11:00\u00a0 konkurs dla uczestnik\u00f3w<\/p>\n<p>11:30\u00a0 przerwa<\/p>\n<p>11:50\u00a0 wyk\u0142ad \u201eOkr\u0105g\u0142o\u015b\u0107 figur\u201d<br \/>\ndr hab. Micha\u0142 Szurek (Instytut Matematyki Uniwersytetu Warszawskiego)<\/p>\n<p>13:00\u00a0 zako\u0144czenie obchod\u00f3w<\/p>\n<hr \/>\n<h3>REJESTRACJA<\/h3>\n<p>Informujemy, \u017ce wprowadzona zosta\u0142a\u00a0<strong>obowi\u0105zkowa rejestracja<\/strong>\u00a0grup uczestnik\u00f3w.<\/p>\n<p>Zg\u0142oszenia uczestnictwa nale\u017cy wysy\u0142a\u0107 na adres imat@ujk.edu.pl, wpisuj\u0105c jako temat: \u201ezg\u0142oszenie pi 2020\u201d. W tre\u015bci wiadomo\u015bci nale\u017cy poda\u0107 w nast\u0119puj\u0105cej kolejno\u015bci (i z zachowaniem numeracji):<\/p>\n<ol>\n<li>nazw\u0119 i adres szko\u0142y,<\/li>\n<li>liczb\u0119 uczestnik\u00f3w-uczni\u00f3w tworz\u0105cych grup\u0119,<\/li>\n<li>liczb\u0119 opiekun\u00f3w (i innych os\u00f3b towarzysz\u0105cych grupie, je\u015bli takie b\u0119d\u0105),<\/li>\n<li>imi\u0119 i nazwisko osoby do kontaktu \u2013 oraz mail lub telefon do tej osoby,<\/li>\n<\/ol>\n<p>O przyj\u0119ciu zg\u0142oszenia udzia\u0142u w obchodach \u015awi\u0119ta Liczby Pi\u00a0<strong>decyduje kolejno\u015b\u0107 zg\u0142osze\u0144<\/strong>\u00a0a\u017c do wyczerpania limitu miejsc (ok. 180).<\/p>\n<p>Ponadto obowi\u0105zuje limit jednej klasy z jednej szko\u0142y, a kolejn\u0105 klas\u0119 mo\u017cna wpisa\u0107 na list\u0119 rezerwow\u0105.<\/p>\n<hr \/>\n<p><strong>Patronat honorowy<\/strong><\/p>\n<table>\n<tbody>\n<tr>\n<td width=\"340\"><strong>POLSKIE TOWARZYSTWO MATEMATYCZNE, ODZIA\u0141 KIELECKI<\/strong><\/td>\n<td width=\"132\"><a href=\"https:\/\/matematyka.ujk.edu.pl\/wp-content\/uploads\/2025\/01\/ptm-logo_4-300x142.jpg\"><img loading=\"lazy\" decoding=\"async\" class=\"alignnone wp-image-1230\" title=\"PTM\" src=\"https:\/\/matematyka.ujk.edu.pl\/wp-content\/uploads\/2025\/01\/ptm-logo_4-300x142.jpg\" sizes=\"auto, (max-width: 103px) 100vw, 103px\" srcset=\"https:\/\/matematyka.ujk.edu.pl\/wp-content\/uploads\/2025\/01\/ptm-logo_4-300x142.jpg 300w, https:\/\/matematyka.ujk.edu.pl\/wp-content\/uploads\/2025\/01\/ptm-logo_4.jpg 553w\" alt=\"PTM\" width=\"103\" height=\"49\" \/><\/a><\/td>\n<\/tr>\n<\/tbody>\n<\/table>\n<hr \/>\n<p>Ze wzgl\u0119du na lokalizacj\u0119 kampusu uniwersyteckiego za drog\u0105 ekspresow\u0105 S74 podajemy\u00a0<a href=\"https:\/\/www.google.pl\/maps\/dir\/Jesionowa,+Kielce\/50.879878,20.6546343\/@50.8800883,20.6433473,2279m\/data=!3m1!1e3!4m14!4m13!1m10!1m1!1s0x471827c68d3a4e8f:0xbca5581f31a881ed!2m2!1d20.634521!2d50.885986!3m4!1m2!1d20.6430185!2d50.875298!3s0x4718279615e67b03:0x530cb6e0f72eef04!1m0!3e0?hl=pl\" target=\"_blank\" rel=\"noopener noreferrer\"><strong>wskaz\u00f3wk\u0119<\/strong><\/a>\u00a0dojazdu przez ul.\u00a0\u017bniwn\u0105 na parking Wydzia\u0142u Matematyczno-Przyrodniczego.<\/td>\n<\/tr>\n<\/tbody>\n<\/table>\n<\/div>\n<\/div>\n","protected":false},"excerpt":{"rendered":"<p>Szanowni Pa\u0144stwo, Informujmy, i\u017c ze wzgl\u0119du na zagro\u017cenie epidemiologiczne koronawirusem (COVID-19) obchody \u015awi\u0119ta Liczby Pi w dniu 13 marca br. zostaj\u0105 ODWO\u0141ANE. &nbsp; \u00a0Katedra Matematyki\u00a0Uniwersytetu Jana Kochanowskiego oraz\u00a0Studenckie Ko\u0142o Naukowe\u00a0\u201eRozmaito\u015bci\u201d maj\u0105 zaszczyt zaprosi\u0107 uczni\u00f3w lice\u00f3w i technik\u00f3w, nauczycieli oraz wszystkich zainteresowanych na 12. obchody \u015awi\u0119ta Liczby\u00a0\u03c0 kt\u00f3re rozpoczn\u0105 si\u0119\u00a013 marca 2020\u00a0roku o godzinie 10:00 w [&hellip;]<\/p>\n","protected":false},"author":1,"featured_media":0,"parent":0,"menu_order":0,"comment_status":"closed","ping_status":"closed","template":"","meta":{"footnotes":""},"class_list":["post-774","page","type-page","status-publish","hentry"],"_links":{"self":[{"href":"https:\/\/matematyka.ujk.edu.pl\/index.php\/wp-json\/wp\/v2\/pages\/774","targetHints":{"allow":["GET"]}}],"collection":[{"href":"https:\/\/matematyka.ujk.edu.pl\/index.php\/wp-json\/wp\/v2\/pages"}],"about":[{"href":"https:\/\/matematyka.ujk.edu.pl\/index.php\/wp-json\/wp\/v2\/types\/page"}],"author":[{"embeddable":true,"href":"https:\/\/matematyka.ujk.edu.pl\/index.php\/wp-json\/wp\/v2\/users\/1"}],"replies":[{"embeddable":true,"href":"https:\/\/matematyka.ujk.edu.pl\/index.php\/wp-json\/wp\/v2\/comments?post=774"}],"version-history":[{"count":7,"href":"https:\/\/matematyka.ujk.edu.pl\/index.php\/wp-json\/wp\/v2\/pages\/774\/revisions"}],"predecessor-version":[{"id":912,"href":"https:\/\/matematyka.ujk.edu.pl\/index.php\/wp-json\/wp\/v2\/pages\/774\/revisions\/912"}],"wp:attachment":[{"href":"https:\/\/matematyka.ujk.edu.pl\/index.php\/wp-json\/wp\/v2\/media?parent=774"}],"curies":[{"name":"wp","href":"https:\/\/api.w.org\/{rel}","templated":true}]}}