{"id":804,"date":"2024-12-11T12:49:09","date_gmt":"2024-12-11T11:49:09","guid":{"rendered":"https:\/\/matematyka.ujk.edu.pl\/new\/?page_id=804"},"modified":"2025-01-28T14:17:07","modified_gmt":"2025-01-28T13:17:07","slug":"swieto-liczby-pi-2017","status":"publish","type":"page","link":"https:\/\/matematyka.ujk.edu.pl\/index.php\/swieto-liczby-pi-2017\/","title":{"rendered":"\u015awi\u0119to Liczby Pi 2017"},"content":{"rendered":"<p align=\"left\"><b>24 marca 2017<\/b>\u00a0roku w auli B1 budynku G Wydzia\u0142u Matematyczno-Przyrodniczego Uniwersytetu Jana Kochanowskiego w Kielcach, przy ul. \u015awi\u0119tokrzyskiej 15, odby\u0142y si\u0119 obchody<\/p>\n<p><b class=\"Apple-style-span\">\u015awi\u0119ta Liczby \u03c0<\/b><\/p>\n<p>zorganizowane przez\u00a0<b>Instytut Matematyki<\/b>\u00a0Uniwersytetu Jana Kochanowskiego oraz\u00a0<b>Studenckie Ko\u0142o Naukowe<\/b>\u00a0\u201eRozmaito\u015bci\u201d.<\/p>\n<table border=\"0\">\n<tbody>\n<tr>\n<td><a href=\"https:\/\/matematyka.ujk.edu.pl\/imat\/swieto_pi\/2017\/panpi2017.png\"><img loading=\"lazy\" decoding=\"async\" class=\"alignleft\" title=\"Pan Pi 2017\" src=\"https:\/\/matematyka.ujk.edu.pl\/imat\/swieto_pi\/2017\/panpi2017.png\" alt=\"Pan Pi 2017- Logotyp \u015awi\u0119ta liczby Pi 2017\" width=\"168\" height=\"278\" \/><\/a><\/td>\n<td><b>program obchod\u00f3w<\/b><\/p>\n<p>godz. 10:00 otwarcie obchod\u00f3w i powitanie uczestnik\u00f3w<br \/>\ngodz. 10:20 wyk\u0142ad popularnonaukowy doktora Zdzis\u0142awa Pogody<br \/>\n(Instytut Matematyki Uniwersytetu Jagiello\u0144skiego) pt. \u201eO liczbach i konstrukcjach\u201d<br \/>\ngodz. 11:20 przerwa<br \/>\ngodz. 11:30 wyk\u0142ad popularnonaukowy profesora Tarasa Banakha<br \/>\n(Instytut Matematyki Uniwersytetu Jana Kochanowskiego) pt. \u201eO liczbie ? i o jej historii\u201d<br \/>\ngodz. 12:30 zako\u0144czenie obchod\u00f3w<\/td>\n<\/tr>\n<\/tbody>\n<\/table>\n<p>&nbsp;<\/p>\n<hr \/>\n<table width=\"100%\">\n<tbody>\n<tr>\n<td colspan=\"3\">Patron honorowy<\/td>\n<\/tr>\n<tr>\n<td width=\"33%\">POLSKIE TOWARZYSTWO MATEMATYCZNE, ODDZIA\u0141 KIELECKI<\/td>\n<td width=\"33%\"><a href=\"https:\/\/matematyka.ujk.edu.pl\/imat\/swieto_pi\/2017\/ptm-logo_4.jpg\"><img loading=\"lazy\" decoding=\"async\" class=\"alignnone\" title=\"PTM logo\" src=\"https:\/\/matematyka.ujk.edu.pl\/imat\/swieto_pi\/2017\/ptm-logo_4.jpg\" alt=\"PTM logo\" width=\"125\" height=\"59\" \/><\/a><\/td>\n<td width=\"33%\"><\/td>\n<\/tr>\n<tr>\n<td colspan=\"3\">Sponsor<\/td>\n<\/tr>\n<tr>\n<td width=\"33%\">KOPALNIA \u0141AG\u00d3W V<\/td>\n<td width=\"33%\"><a href=\"https:\/\/matematyka.ujk.edu.pl\/imat\/swieto_pi\/2017\/logo_V.jpg\"><img loading=\"lazy\" decoding=\"async\" class=\"alignnone\" title=\"Kopalnia logo\" src=\"https:\/\/matematyka.ujk.edu.pl\/imat\/swieto_pi\/2017\/logo_V.jpg\" alt=\"Kopalnia logo\" width=\"125\" height=\"91\" \/><\/a><\/td>\n<\/tr>\n<\/tbody>\n<\/table>\n","protected":false},"excerpt":{"rendered":"<p>24 marca 2017\u00a0roku w auli B1 budynku G Wydzia\u0142u Matematyczno-Przyrodniczego Uniwersytetu Jana Kochanowskiego w Kielcach, przy ul. \u015awi\u0119tokrzyskiej 15, odby\u0142y si\u0119 obchody \u015awi\u0119ta Liczby \u03c0 zorganizowane przez\u00a0Instytut Matematyki\u00a0Uniwersytetu Jana Kochanowskiego oraz\u00a0Studenckie Ko\u0142o Naukowe\u00a0\u201eRozmaito\u015bci\u201d. program obchod\u00f3w godz. 10:00 otwarcie obchod\u00f3w i powitanie uczestnik\u00f3w godz. 10:20 wyk\u0142ad popularnonaukowy doktora Zdzis\u0142awa Pogody (Instytut Matematyki Uniwersytetu Jagiello\u0144skiego) pt. \u201eO [&hellip;]<\/p>\n","protected":false},"author":1,"featured_media":0,"parent":0,"menu_order":0,"comment_status":"closed","ping_status":"closed","template":"","meta":{"footnotes":""},"class_list":["post-804","page","type-page","status-publish","hentry"],"_links":{"self":[{"href":"https:\/\/matematyka.ujk.edu.pl\/index.php\/wp-json\/wp\/v2\/pages\/804","targetHints":{"allow":["GET"]}}],"collection":[{"href":"https:\/\/matematyka.ujk.edu.pl\/index.php\/wp-json\/wp\/v2\/pages"}],"about":[{"href":"https:\/\/matematyka.ujk.edu.pl\/index.php\/wp-json\/wp\/v2\/types\/page"}],"author":[{"embeddable":true,"href":"https:\/\/matematyka.ujk.edu.pl\/index.php\/wp-json\/wp\/v2\/users\/1"}],"replies":[{"embeddable":true,"href":"https:\/\/matematyka.ujk.edu.pl\/index.php\/wp-json\/wp\/v2\/comments?post=804"}],"version-history":[{"count":16,"href":"https:\/\/matematyka.ujk.edu.pl\/index.php\/wp-json\/wp\/v2\/pages\/804\/revisions"}],"predecessor-version":[{"id":922,"href":"https:\/\/matematyka.ujk.edu.pl\/index.php\/wp-json\/wp\/v2\/pages\/804\/revisions\/922"}],"wp:attachment":[{"href":"https:\/\/matematyka.ujk.edu.pl\/index.php\/wp-json\/wp\/v2\/media?parent=804"}],"curies":[{"name":"wp","href":"https:\/\/api.w.org\/{rel}","templated":true}]}}