{"id":825,"date":"2024-12-11T13:07:56","date_gmt":"2024-12-11T12:07:56","guid":{"rendered":"https:\/\/matematyka.ujk.edu.pl\/new\/?page_id=825"},"modified":"2025-01-28T14:25:41","modified_gmt":"2025-01-28T13:25:41","slug":"swieto-liczby-pi-2015","status":"publish","type":"page","link":"https:\/\/matematyka.ujk.edu.pl\/index.php\/swieto-liczby-pi-2015\/","title":{"rendered":"\u015awi\u0119to Liczby Pi 2015"},"content":{"rendered":"<p><b>20 marca 2015<\/b>\u00a0roku w auli budynku G Wydzia\u0142u Matematyczno-Przyrodniczego Uniwersytetu Jana Kochanowskiego w Kielcach, przy ul. \u015awi\u0119tokrzyskiej 15, odby\u0142y si\u0119 obchody<\/p>\n<p><b><span class=\"Apple-style-span\">\u015awi\u0119ta liczby \u03c0<\/span><\/b><\/p>\n<p>zorganizowane przez\u00a0<b>Instytut Matematyki<\/b>\u00a0Uniwersytetu Jana Kochanowskiego oraz\u00a0<b>Studenckie Ko\u0142o Naukowe<\/b>\u00a0\u201eRozmaito\u015bci\u201d.<\/p>\n<table border=\"0\">\n<tbody>\n<tr>\n<td><a href=\"https:\/\/matematyka.ujk.edu.pl\/imat\/swieto_pi\/2015\/panpi2015.png\"><img loading=\"lazy\" decoding=\"async\" class=\"alignnone\" title=\"PanPi2015\" src=\"https:\/\/matematyka.ujk.edu.pl\/imat\/swieto_pi\/2015\/panpi2015.png\" alt=\"PanPi2015 - Logotyp \u015awi\u0119ta liczby Pi 2015\" width=\"200\" height=\"321\" \/><\/a><\/td>\n<td><b>program obchod\u00f3w<\/b><\/p>\n<p>godz. 10:00 otwarcie obchod\u00f3w i powitanie uczestnik\u00f3w<br \/>\ngodz. 10:20 wyk\u0142ad popularnonaukowy prof. Edwarda Tutaja<br \/>\n(Instytut Matematyki Uniwersytetu Jagiello\u0144skiego)<br \/>\npt. \u201eCzasami okr\u0119\u017cnie, ale w ko\u0142o Macieju o liczbie ?\u201d<br \/>\ngodz. 11:20 konkurs dla uczestnik\u00f3w<br \/>\ngodz. 12:00 przerwa<br \/>\ngodz. 12:15 referat cz\u0142onk\u00f3w SKN \u201eRozmaito\u015bci\u201d<br \/>\n(Instytut Matematyki Uniwersytetu Jana Kochanowskiego)<br \/>\npt. \u201eBajka o liczbach, niesko\u0144czono\u015bciach i dzieleniu przez zero\u201d<br \/>\ngodz. 13:15 rozstrzygni\u0119cie konkursu \u201eLiczba ? w architekturze\u201d, wr\u0119czenie nagr\u00f3d<br \/>\ngodz. 13:30 rozstrzygni\u0119cie konkursu \u201ePoemat o ?\u201d, wr\u0119czenie nagr\u00f3d<br \/>\ngodz. 13:45 zako\u0144czenie obchod\u00f3w<\/td>\n<\/tr>\n<\/tbody>\n<\/table>\n<hr \/>\n<p>Na og\u0142oszone konkursy wp\u0142yn\u0119\u0142y \u0142\u0105cznie 42 zg\u0142oszenia i wszystkie zosta\u0142y dopuszczone do post\u0119powania konkursowego.<\/p>\n<p>Wyniki konkursu\u00a0<b>\u201eLiczba \u03c0 w architekturze\u201d<\/b><\/p>\n<p><b>laureaci<\/b><br \/>\n1. Aleksandra Pudzianowska \u2013 I LO im. Stefana Czarnieckiego w Kozienicach<br \/>\n2. Ewa Nyk \u2013 LO w Zespole numer 3 w Chmielniku<br \/>\n3. Izabela Radziejewska \u2013 I LO im. Stefana Czarnieckiego w Kozienicach<\/p>\n<p><b>wyr\u00f3\u017cnienie<\/b><br \/>\nPawe\u0142 Langier \u2013 Zesp\u00f3\u0142 Szk\u00f3\u0142 Ponadgimnazjalnych LO im. Marii Konopnickiej w Wodzis\u0142awiu<\/p>\n<p>Wyniki konkursu\u00a0<b>\u201ePoemat o \u03c0 \u201d<\/b><\/p>\n<p><b>laureaci<\/b><br \/>\n1.\u00a0<small>(ex aequo)<\/small>\u00a0Anika K\u0119ska, \u0141ukasz Kondor \u2013 I LO im. Stefana Czarnieckiego w Kozienicach<br \/>\n1.\u00a0<small>(ex aequo)<\/small>\u00a0Kacper Majewski, Damian B\u0105czek, Kamil Kurek, Karol Rostkowski \u2013 I LO im. Stefana Czarnieckiego w Kozienicach<br \/>\n2. Aleksandra Krupa \u2013 I LO im. Stefana Czarnieckiego w Kozienicach<br \/>\n3. Justyna Pachocka \u2013 I LO im. Stefana Czarnieckiego w Kozienicach<\/p>\n<p><b>Gratulujemy zwyci\u0119zcom!<\/b><\/p>\n<hr \/>\n<table width=\"100%\">\n<tbody>\n<tr>\n<td colspan=\"3\">Patron honorowy<\/td>\n<\/tr>\n<tr>\n<td colspan=\"3\">POLSKIE TOWARZYSTWO MATEMATYCZNE, ODDZIA\u0141 KIELECKI<\/td>\n<\/tr>\n<tr>\n<td colspan=\"3\">Sponsorzy instytucjonalni<\/td>\n<\/tr>\n<tr>\n<td><a href=\"http:\/\/www.sejmik.kielce.pl\/\" target=\"blank\" rel=\"noopener\"><span style=\"color: #333333;\">URZ\u0104D MARSZA\u0141KOWSKI WOJEW\u00d3DZTWA <\/span><\/a><br \/>\n<a href=\"http:\/\/www.sejmik.kielce.pl\/\" target=\"blank\" rel=\"noopener\"><span style=\"color: #333333;\">\u015aWI\u0118TOKRZYSKIEGO<\/span><\/a><\/td>\n<td><a href=\"https:\/\/matematyka.ujk.edu.pl\/imat\/swieto_pi\/2015\/herb_swietokrzyskiego.png\"><img loading=\"lazy\" decoding=\"async\" class=\"alignnone\" title=\"URZ\u0104D MARSZA\u0141KOWSKI WOJEW\u00d3DZTWA \u015aWI\u0118TOKRZYSKIEGO\" src=\"https:\/\/matematyka.ujk.edu.pl\/imat\/swieto_pi\/2015\/herb_swietokrzyskiego.png\" alt=\"URZ\u0104D MARSZA\u0141KOWSKI WOJEW\u00d3DZTWA \u015aWI\u0118TOKRZYSKIEGO god\u0142o\" width=\"114\" height=\"139\" \/><\/a><\/td>\n<td><a href=\"http:\/\/www.kielce.uw.gov.pl\/\" target=\"blank\" rel=\"noopener\"><span style=\"color: #333333;\">\u015aWI\u0118TOKRZYSKI URZ\u0104D WOJEW\u00d3DZKI<\/span><\/a><br \/>\n<a href=\"http:\/\/www.kielce.uw.gov.pl\/\" target=\"blank\" rel=\"noopener\"><span style=\"color: #333333;\"> W KIELCACH<\/span><\/a><\/td>\n<\/tr>\n<tr>\n<td colspan=\"3\">Sponsor g\u0142\u00f3wny<\/td>\n<\/tr>\n<tr>\n<td>KOPALNIA \u0141AG\u00d3W V<\/td>\n<td><a href=\"https:\/\/matematyka.ujk.edu.pl\/imat\/swieto_pi\/2015\/logo_V.jpg\"><img loading=\"lazy\" decoding=\"async\" class=\"aligncenter\" title=\"Kopalnia logo\" src=\"https:\/\/matematyka.ujk.edu.pl\/imat\/swieto_pi\/2015\/logo_V.jpg\" alt=\"Kopalnia logo\" width=\"125\" height=\"91\" \/><\/a><\/td>\n<td><\/td>\n<\/tr>\n<\/tbody>\n<\/table>\n","protected":false},"excerpt":{"rendered":"<p>20 marca 2015\u00a0roku w auli budynku G Wydzia\u0142u Matematyczno-Przyrodniczego Uniwersytetu Jana Kochanowskiego w Kielcach, przy ul. \u015awi\u0119tokrzyskiej 15, odby\u0142y si\u0119 obchody \u015awi\u0119ta liczby \u03c0 zorganizowane przez\u00a0Instytut Matematyki\u00a0Uniwersytetu Jana Kochanowskiego oraz\u00a0Studenckie Ko\u0142o Naukowe\u00a0\u201eRozmaito\u015bci\u201d. program obchod\u00f3w godz. 10:00 otwarcie obchod\u00f3w i powitanie uczestnik\u00f3w godz. 10:20 wyk\u0142ad popularnonaukowy prof. Edwarda Tutaja (Instytut Matematyki Uniwersytetu Jagiello\u0144skiego) pt. \u201eCzasami okr\u0119\u017cnie, [&hellip;]<\/p>\n","protected":false},"author":1,"featured_media":0,"parent":0,"menu_order":0,"comment_status":"closed","ping_status":"closed","template":"","meta":{"footnotes":""},"class_list":["post-825","page","type-page","status-publish","hentry"],"_links":{"self":[{"href":"https:\/\/matematyka.ujk.edu.pl\/index.php\/wp-json\/wp\/v2\/pages\/825","targetHints":{"allow":["GET"]}}],"collection":[{"href":"https:\/\/matematyka.ujk.edu.pl\/index.php\/wp-json\/wp\/v2\/pages"}],"about":[{"href":"https:\/\/matematyka.ujk.edu.pl\/index.php\/wp-json\/wp\/v2\/types\/page"}],"author":[{"embeddable":true,"href":"https:\/\/matematyka.ujk.edu.pl\/index.php\/wp-json\/wp\/v2\/users\/1"}],"replies":[{"embeddable":true,"href":"https:\/\/matematyka.ujk.edu.pl\/index.php\/wp-json\/wp\/v2\/comments?post=825"}],"version-history":[{"count":9,"href":"https:\/\/matematyka.ujk.edu.pl\/index.php\/wp-json\/wp\/v2\/pages\/825\/revisions"}],"predecessor-version":[{"id":929,"href":"https:\/\/matematyka.ujk.edu.pl\/index.php\/wp-json\/wp\/v2\/pages\/825\/revisions\/929"}],"wp:attachment":[{"href":"https:\/\/matematyka.ujk.edu.pl\/index.php\/wp-json\/wp\/v2\/media?parent=825"}],"curies":[{"name":"wp","href":"https:\/\/api.w.org\/{rel}","templated":true}]}}